{"id":1510,"date":"2016-04-16T18:06:05","date_gmt":"2016-04-16T18:06:05","guid":{"rendered":"https:\/\/blogdoprosperi.com\/?page_id=1510"},"modified":"2026-08-08T14:34:34","modified_gmt":"2026-08-08T17:34:34","slug":"autor","status":"publish","type":"page","link":"https:\/\/blogdoprosperi.com\/?page_id=1510","title":{"rendered":"autor"},"content":{"rendered":"<h3><strong>Luiz Ant\u00f4nio Pr\u00f3speri<\/strong><\/h3>\n<p><em>Jornalista com carreira dedicada ao jornalismo esportivo desde 1984. <\/em><\/p>\n<p><em>Cobriu <strong>10\u00a0Copas do Mundo<\/strong> in loco: 1990 (It\u00e1lia), 1994 (EUA), 1998 (Fran\u00e7a), 2002 (Coreia do Sul e Jap\u00e3o), 2006 (Alemanha), 2010 (\u00c1frica do Sul), 2014 (Brasil), 2018 (R\u00fassia), 2022 (Qatar) e 2026 (EUA, M\u00e9xico, Canad\u00e1).<\/em><\/p>\n<hr \/>\n<p><em>Duas <strong>Eurocopas<\/strong>, 1992 (Su\u00e9cia) e 1996 (Inglaterra). <\/em><\/p>\n<p><em><strong>Copa das Confedera\u00e7\u00f5es<\/strong> de 2005 (Alemanha) e 2009 (\u00c1frica do Sul). <\/em><\/p>\n<p><em><strong>Copa Am\u00e9rica<\/strong> de 1995 (Uruguai) e 2019 (Brasil). <\/em><\/p>\n<p><em><strong>Mundial de Clubes<\/strong> de 1992 (S\u00e3o Paulo campe\u00e3o) no Jap\u00e3o.<\/em><\/p>\n<hr \/>\n<p><em>No <strong>Jornal da Tarde e Estad\u00e3o, de 1984 a fevereiro de 2016: <\/strong>\u00a0<\/em><\/p>\n<p><em>Rep\u00f3rter, Chefe de Reportagem, Editor Chefe, Colunista e Blogueiro.<\/em><\/p>\n<hr \/>\n<p><em><strong>Criador e Rep\u00f3rter dos canais YouTube:<\/strong> <\/em><\/p>\n<p><em>PR\u00d3SPERI NA COPA (@prosperinacopa) <\/em><em>e PR\u00d3SPERI NEWS (blogdoprosperi.com)<\/em><\/p>\n<hr \/>\n<p><em><strong>No R\u00e1dio:<\/strong><\/em><\/p>\n<p><i>Comentarista de futebol na R\u00e1dio Estad\u00e3o\/Eldorado, de 2013 a 2016.<\/i><\/p>\n<hr \/>\n<p><em><strong>Na TV:<\/strong><\/em><\/p>\n<p><i>No programa Arena da SporTV\/Globo, de 2004 a 2005. <\/i><\/p>\n<p><i>Colaborador no programa Bola da Vez da ESPN e lives do site UOL.<\/i><\/p>\n<hr \/>\n<p><em><strong>Na Web<\/strong><\/em><\/p>\n<p><i>Criador e\u00a0editor\u00a0site coletivo Chuteira FC desde 2016.<\/i><\/p>\n","protected":false},"excerpt":{"rendered":"<p>Luiz Ant\u00f4nio Pr\u00f3speri Jornalista com carreira dedicada ao jornalismo esportivo desde 1984. Cobriu 10\u00a0Copas do Mundo in loco: [&hellip;]<\/p>\n","protected":false},"author":102107496,"featured_media":0,"parent":0,"menu_order":1,"comment_status":"closed","ping_status":"closed","template":"","meta":{"_coblocks_attr":"","_coblocks_dimensions":"","_coblocks_responsive_height":"","_coblocks_accordion_ie_support":"","_wpcom_ai_launchpad_about_page":false,"_wpcom_ai_launchpad_gallery_page":false,"_wpcom_ai_launchpad_contact_page":false,"_wpcom_ai_launchpad_events_page":false,"_wpcom_ai_launchpad_video_page":false,"_wpcom_ai_launchpad_portfolio_piece":false,"footnotes":""},"class_list":["post-1510","page","type-page","status-publish","hentry"],"yoast_head":"<!-- This site is optimized with the Yoast SEO plugin v28.4 - https:\/\/yoast.com\/product\/yoast-seo-wordpress\/ -->\n<title>autor - PR\u00d3SPERI NEWS<\/title>\n<meta name=\"robots\" content=\"index, follow, max-snippet:-1, max-image-preview:large, max-video-preview:-1\" \/>\n<link rel=\"canonical\" href=\"https:\/\/blogdoprosperi.com\/?page_id=1510\" \/>\n<meta property=\"og:locale\" content=\"pt_BR\" \/>\n<meta property=\"og:type\" content=\"article\" \/>\n<meta property=\"og:title\" content=\"autor - PR\u00d3SPERI NEWS\" \/>\n<meta property=\"og:description\" content=\"Luiz Ant\u00f4nio Pr\u00f3speri Jornalista com carreira dedicada ao jornalismo esportivo desde 1984. Cobriu 10\u00a0Copas do Mundo in loco: [&hellip;]\" \/>\n<meta property=\"og:url\" content=\"https:\/\/blogdoprosperi.com\/?page_id=1510\" \/>\n<meta property=\"og:site_name\" content=\"PR\u00d3SPERI NEWS\" \/>\n<meta property=\"article:publisher\" content=\"Luiz Pr\u00f3speri\" \/>\n<meta property=\"article:modified_time\" content=\"2026-08-08T17:34:34+00:00\" \/>\n<meta name=\"twitter:card\" content=\"summary_large_image\" \/>\n<meta name=\"twitter:site\" content=\"@Luizprosperi\" \/>\n<meta name=\"twitter:label1\" content=\"Est. tempo de leitura\" \/>\n\t<meta name=\"twitter:data1\" content=\"1 minuto\" \/>\n<script type=\"application\/ld+json\" class=\"yoast-schema-graph\">{\"@context\":\"https:\\\/\\\/schema.org\",\"@graph\":[{\"@type\":\"WebPage\",\"@id\":\"https:\\\/\\\/blogdoprosperi.com\\\/?page_id=1510\",\"url\":\"https:\\\/\\\/blogdoprosperi.com\\\/?page_id=1510\",\"name\":\"autor - PR\u00d3SPERI NEWS\",\"isPartOf\":{\"@id\":\"https:\\\/\\\/blogdoprosperi.com\\\/#website\"},\"datePublished\":\"2016-04-16T18:06:05+00:00\",\"dateModified\":\"2026-08-08T17:34:34+00:00\",\"breadcrumb\":{\"@id\":\"https:\\\/\\\/blogdoprosperi.com\\\/?page_id=1510#breadcrumb\"},\"inLanguage\":\"pt-BR\",\"potentialAction\":[{\"@type\":\"ReadAction\",\"target\":[\"https:\\\/\\\/blogdoprosperi.com\\\/?page_id=1510\"]}]},{\"@type\":\"BreadcrumbList\",\"@id\":\"https:\\\/\\\/blogdoprosperi.com\\\/?page_id=1510#breadcrumb\",\"itemListElement\":[{\"@type\":\"ListItem\",\"position\":1,\"name\":\"In\u00edcio\",\"item\":\"https:\\\/\\\/blogdoprosperi.com\\\/\"},{\"@type\":\"ListItem\",\"position\":2,\"name\":\"autor\"}]},{\"@type\":\"WebSite\",\"@id\":\"https:\\\/\\\/blogdoprosperi.com\\\/#website\",\"url\":\"https:\\\/\\\/blogdoprosperi.com\\\/\",\"name\":\"PR\u00d3SPERI NEWS\",\"description\":\"TUDO \u00c9  FUTEBOL\",\"publisher\":{\"@id\":\"https:\\\/\\\/blogdoprosperi.com\\\/#\\\/schema\\\/person\\\/38100755ce3601861ee4fab9b5aa78e9\"},\"alternateName\":\"blogdoprosperi.com\",\"potentialAction\":[{\"@type\":\"SearchAction\",\"target\":{\"@type\":\"EntryPoint\",\"urlTemplate\":\"https:\\\/\\\/blogdoprosperi.com\\\/?s={search_term_string}\"},\"query-input\":{\"@type\":\"PropertyValueSpecification\",\"valueRequired\":true,\"valueName\":\"search_term_string\"}}],\"inLanguage\":\"pt-BR\"},{\"@type\":[\"Person\",\"Organization\"],\"@id\":\"https:\\\/\\\/blogdoprosperi.com\\\/#\\\/schema\\\/person\\\/38100755ce3601861ee4fab9b5aa78e9\",\"name\":\"Luiz Ant\u00f4nio Pr\u00f3speri\",\"pronouns\":\"ele\",\"image\":{\"@type\":\"ImageObject\",\"inLanguage\":\"pt-BR\",\"@id\":\"https:\\\/\\\/i0.wp.com\\\/blogdoprosperi.com\\\/wp-content\\\/uploads\\\/2026\\\/05\\\/cropped-8059e613-6002-42fa-961e-8e275f575d71-2-5.jpg?fit=1360%2C931&ssl=1\",\"url\":\"https:\\\/\\\/i0.wp.com\\\/blogdoprosperi.com\\\/wp-content\\\/uploads\\\/2026\\\/05\\\/cropped-8059e613-6002-42fa-961e-8e275f575d71-2-5.jpg?fit=1360%2C931&ssl=1\",\"contentUrl\":\"https:\\\/\\\/i0.wp.com\\\/blogdoprosperi.com\\\/wp-content\\\/uploads\\\/2026\\\/05\\\/cropped-8059e613-6002-42fa-961e-8e275f575d71-2-5.jpg?fit=1360%2C931&ssl=1\",\"width\":1360,\"height\":931,\"caption\":\"Luiz Ant\u00f4nio Pr\u00f3speri\"},\"logo\":{\"@id\":\"https:\\\/\\\/i0.wp.com\\\/blogdoprosperi.com\\\/wp-content\\\/uploads\\\/2026\\\/05\\\/cropped-8059e613-6002-42fa-961e-8e275f575d71-2-5.jpg?fit=1360%2C931&ssl=1\"},\"description\":\"Jornalista com carreira dedicada ao esporte. Cobriu 9 Copas do Mundo in loco, 1990 na It\u00e1lia, 1994 nos EUA, 1998 na Fran\u00e7a, 2002 na Coreia do Sul e Jap\u00e3o, 2006 na Alemanha, 2010 na \u00c1frica do Sul, 2014 no Brasil, 2018 na R\u00fassia e 2022 no Qatar. Eurocopas, 1992 na Su\u00e9cia e 1996 na Inglaterra. Copa das Confedera\u00e7\u00f5es de 2005 na Alemanha e 2009 na \u00c1frica do Sul. Rep\u00f3rter e Editor, trabalhou no Jornal da Tarde e Estad\u00e3o, de 1984 a fevereiro de 2016. Colunista, blogueiro. E comentarista de futebol na R\u00e1dio Estad\u00e3o, de 2013 a fevereiro de 2016. Jornalista respons\u00e1vel do \\\"Pr\u00f3speri News\\\" (blogdoprosperi.com).\",\"sameAs\":[\"http:\\\/\\\/blogdoprosperi.com\",\"Luiz Pr\u00f3speri\",\"@luiz_prosperi\",\"https:\\\/\\\/x.com\\\/Luizprosperi\",\"@prosperinacopa\",\"luiz.prosperi@icloud.com\"]}]}<\/script>\n<!-- \/ Yoast SEO plugin. -->","yoast_head_json":{"title":"autor - PR\u00d3SPERI NEWS","robots":{"index":"index","follow":"follow","max-snippet":"max-snippet:-1","max-image-preview":"max-image-preview:large","max-video-preview":"max-video-preview:-1"},"canonical":"https:\/\/blogdoprosperi.com\/?page_id=1510","og_locale":"pt_BR","og_type":"article","og_title":"autor - PR\u00d3SPERI NEWS","og_description":"Luiz Ant\u00f4nio Pr\u00f3speri Jornalista com carreira dedicada ao jornalismo esportivo desde 1984. Cobriu 10\u00a0Copas do Mundo in loco: [&hellip;]","og_url":"https:\/\/blogdoprosperi.com\/?page_id=1510","og_site_name":"PR\u00d3SPERI NEWS","article_publisher":"Luiz Pr\u00f3speri","article_modified_time":"2026-08-08T17:34:34+00:00","twitter_card":"summary_large_image","twitter_site":"@Luizprosperi","twitter_misc":{"Est. tempo de leitura":"1 minuto"},"schema":{"@context":"https:\/\/schema.org","@graph":[{"@type":"WebPage","@id":"https:\/\/blogdoprosperi.com\/?page_id=1510","url":"https:\/\/blogdoprosperi.com\/?page_id=1510","name":"autor - PR\u00d3SPERI NEWS","isPartOf":{"@id":"https:\/\/blogdoprosperi.com\/#website"},"datePublished":"2016-04-16T18:06:05+00:00","dateModified":"2026-08-08T17:34:34+00:00","breadcrumb":{"@id":"https:\/\/blogdoprosperi.com\/?page_id=1510#breadcrumb"},"inLanguage":"pt-BR","potentialAction":[{"@type":"ReadAction","target":["https:\/\/blogdoprosperi.com\/?page_id=1510"]}]},{"@type":"BreadcrumbList","@id":"https:\/\/blogdoprosperi.com\/?page_id=1510#breadcrumb","itemListElement":[{"@type":"ListItem","position":1,"name":"In\u00edcio","item":"https:\/\/blogdoprosperi.com\/"},{"@type":"ListItem","position":2,"name":"autor"}]},{"@type":"WebSite","@id":"https:\/\/blogdoprosperi.com\/#website","url":"https:\/\/blogdoprosperi.com\/","name":"PR\u00d3SPERI NEWS","description":"TUDO \u00c9  FUTEBOL","publisher":{"@id":"https:\/\/blogdoprosperi.com\/#\/schema\/person\/38100755ce3601861ee4fab9b5aa78e9"},"alternateName":"blogdoprosperi.com","potentialAction":[{"@type":"SearchAction","target":{"@type":"EntryPoint","urlTemplate":"https:\/\/blogdoprosperi.com\/?s={search_term_string}"},"query-input":{"@type":"PropertyValueSpecification","valueRequired":true,"valueName":"search_term_string"}}],"inLanguage":"pt-BR"},{"@type":["Person","Organization"],"@id":"https:\/\/blogdoprosperi.com\/#\/schema\/person\/38100755ce3601861ee4fab9b5aa78e9","name":"Luiz Ant\u00f4nio Pr\u00f3speri","pronouns":"ele","image":{"@type":"ImageObject","inLanguage":"pt-BR","@id":"https:\/\/i0.wp.com\/blogdoprosperi.com\/wp-content\/uploads\/2026\/05\/cropped-8059e613-6002-42fa-961e-8e275f575d71-2-5.jpg?fit=1360%2C931&ssl=1","url":"https:\/\/i0.wp.com\/blogdoprosperi.com\/wp-content\/uploads\/2026\/05\/cropped-8059e613-6002-42fa-961e-8e275f575d71-2-5.jpg?fit=1360%2C931&ssl=1","contentUrl":"https:\/\/i0.wp.com\/blogdoprosperi.com\/wp-content\/uploads\/2026\/05\/cropped-8059e613-6002-42fa-961e-8e275f575d71-2-5.jpg?fit=1360%2C931&ssl=1","width":1360,"height":931,"caption":"Luiz Ant\u00f4nio Pr\u00f3speri"},"logo":{"@id":"https:\/\/i0.wp.com\/blogdoprosperi.com\/wp-content\/uploads\/2026\/05\/cropped-8059e613-6002-42fa-961e-8e275f575d71-2-5.jpg?fit=1360%2C931&ssl=1"},"description":"Jornalista com carreira dedicada ao esporte. Cobriu 9 Copas do Mundo in loco, 1990 na It\u00e1lia, 1994 nos EUA, 1998 na Fran\u00e7a, 2002 na Coreia do Sul e Jap\u00e3o, 2006 na Alemanha, 2010 na \u00c1frica do Sul, 2014 no Brasil, 2018 na R\u00fassia e 2022 no Qatar. Eurocopas, 1992 na Su\u00e9cia e 1996 na Inglaterra. Copa das Confedera\u00e7\u00f5es de 2005 na Alemanha e 2009 na \u00c1frica do Sul. Rep\u00f3rter e Editor, trabalhou no Jornal da Tarde e Estad\u00e3o, de 1984 a fevereiro de 2016. Colunista, blogueiro. E comentarista de futebol na R\u00e1dio Estad\u00e3o, de 2013 a fevereiro de 2016. Jornalista respons\u00e1vel do \"Pr\u00f3speri News\" (blogdoprosperi.com).","sameAs":["http:\/\/blogdoprosperi.com","Luiz Pr\u00f3speri","@luiz_prosperi","https:\/\/x.com\/Luizprosperi","@prosperinacopa","luiz.prosperi@icloud.com"]}]}},"jetpack_likes_enabled":false,"jetpack_sharing_enabled":true,"jetpack_shortlink":"https:\/\/wp.me\/P7jvdk-om","jetpack-related-posts":[{"id":45866,"url":"https:\/\/blogdoprosperi.com\/?page_id=45866","url_meta":{"origin":1510,"position":0},"title":"#Cr\u00f4nicaSab\u00e1tica","author":"Luiz Ant\u00f4nio Pr\u00f3speri","date":"15 de outubro de 2024","format":false,"excerpt":"S\u00e1bado \u00e9 sagrado. Leia a cr\u00f4nica de futebol do fim de semana. Aqui: NEYMAR JR E VINI JR, A DURA MISS\u00c3O DE ANCELOTTI A DOMAR OS ETERNOS ADOLESCENTES Luiz Antonio Pr\u00f3speri \u2013 1 novembro 2025\u00a0 https:\/\/blogdoprosperi.com\/2025\/11\/01\/cronicasabatica-35-neymar-jr-e-vini-jr-a-dura-missao-de-ancelotti-em-domar-os-eternos-adolescentes\/ NINHO DO URUBU, MANTHIQUEIRA, ENDRICK E PEL\u00c9, A SEMANA DOS MENINOS DO BRASIL Luiz\u2026","rel":"","context":"Em \"AnibalMoreno\"","block_context":{"text":"AnibalMoreno","link":"https:\/\/blogdoprosperi.com\/?tag=anibalmoreno"},"img":{"alt_text":"","src":"","width":0,"height":0},"classes":[]},{"id":58840,"url":"https:\/\/blogdoprosperi.com\/?page_id=58840","url_meta":{"origin":1510,"position":1},"title":"sele\u00e7\u00e3o brasileira","author":"Luiz Ant\u00f4nio Pr\u00f3speri","date":"27 de maio de 2026","format":false,"excerpt":"sele\u00e7\u00e3o brasileira na Copa 2026: not\u00edcias, an\u00e1lises, opini\u00e3o, v\u00eddeos e fotos para voc\u00ea: https:\/\/blogdoprosperi.com\/2026\/07\/29\/ancelotti-decreta-fim-da-geracao-neymar-e-promete-bancar-nova-geracao-na-selecao-brasileira\/ https:\/\/blogdoprosperi.com\/2026\/05\/27\/selecao-brasileira-inicia-treinamentos-em-teresopolis\/ https:\/\/blogdoprosperi.com\/2026\/05\/23\/neymar-e-romario-vini-jr-e-virginia-fonseca-ronaldo-fenomeno-e-suzana-werner-os-lacos-das-copas-98-e-2026\/ \u00a0 https:\/\/blogdoprosperi.com\/2026\/05\/18\/entre-neymar-e-endrick-o-menino-de-verdade-pode-colocar-a-copa-debaixo-do-braco\/","rel":"","context":"Post similar","block_context":{"text":"Post similar","link":""},"img":{"alt_text":"","src":"https:\/\/i0.wp.com\/blogdoprosperi.com\/wp-content\/uploads\/2026\/05\/download.jpg?fit=1200%2C655&ssl=1&resize=350%2C200","width":350,"height":200,"srcset":"https:\/\/i0.wp.com\/blogdoprosperi.com\/wp-content\/uploads\/2026\/05\/download.jpg?fit=1200%2C655&ssl=1&resize=350%2C200 1x, https:\/\/i0.wp.com\/blogdoprosperi.com\/wp-content\/uploads\/2026\/05\/download.jpg?fit=1200%2C655&ssl=1&resize=525%2C300 1.5x, https:\/\/i0.wp.com\/blogdoprosperi.com\/wp-content\/uploads\/2026\/05\/download.jpg?fit=1200%2C655&ssl=1&resize=700%2C400 2x, https:\/\/i0.wp.com\/blogdoprosperi.com\/wp-content\/uploads\/2026\/05\/download.jpg?fit=1200%2C655&ssl=1&resize=1050%2C600 3x"},"classes":[]},{"id":61086,"url":"https:\/\/blogdoprosperi.com\/?page_id=61086","url_meta":{"origin":1510,"position":2},"title":"v\u00eddeos","author":"Luiz Ant\u00f4nio Pr\u00f3speri","date":"21 de julho de 2026","format":false,"excerpt":"V\u00eddeos do Canal do Pr\u00f3speri no Youtube (@prosperinacopa), TV Clubes e m\u00eddia internacional. Atualiza\u00e7\u00f5es di\u00e1rias: 1 setembro \/ 2026 \u2013 MESSI & JESUS https:\/\/youtu.be\/DRNcTucFKHY?si=WmMyfSIYFtwHTrht 31 agosto \/ 2026 - ANCELOTTI PERDE TEMPO NA EUROPA https:\/\/youtu.be\/kJROO_nfA3w?is=PoRLvzi6FgcPhXRM 27 agosto \/ 2026 \u2013 ABEL FERREIRA \u00c9 UM MALA? https:\/\/youtu.be\/6B8925R2IXY?si=BPjsthPWbLSGTJJl 26 agosto \/ 2026\u2026","rel":"","context":"Post similar","block_context":{"text":"Post similar","link":""},"img":{"alt_text":"","src":"https:\/\/i0.wp.com\/img.youtube.com\/vi\/DRNcTucFKHY\/0.jpg?resize=350%2C200","width":350,"height":200},"classes":[]},{"id":48383,"url":"https:\/\/blogdoprosperi.com\/?page_id=48383","url_meta":{"origin":1510,"position":3},"title":"CanalVerdejante","author":"Luiz Ant\u00f4nio Pr\u00f3speri","date":"23 de abril de 2026","format":false,"excerpt":"Canal exclusivo do Palmeiras \u2013 aqui tem tudo: Not\u00edcias, Informa\u00e7\u00e3o, An\u00e1lises, Fotos, V\u00eddeos. Confira: TV Palmeiras - nova transmiss\u00e3o com esquenta de Palmeiras x Jacuipense na Copa do Brasil - 22 de abril https:\/\/youtube.com\/live\/AcfsM1gB-_M?si=iu7Mu8hhfhiATYE3 http:\/\/blogdoprosperi.com\/2024\/07\/12\/palmeiras-botafogo-e-flamengo-candidatos-ao-titulo-mas-so-um-tem-estevao\/ ABEL EST\u00c1 CERTO http:\/\/blogdoprosperi.com\/2024\/06\/27\/abel-ferreira-nao-erra-ao-dobrar-laterais-no-palmeiras-mauricio-vem-ai\/ RECOMPENSA DA BASE\u00a0 http:\/\/blogdoprosperi.com\/2024\/07\/01\/palmeiras-vence-corinthians-e-reafirma-a-forca-dos-meninos-da-base\/ GABIGOL VEM, N\u00c3O VEM \u2013 acompanhe os\u2026","rel":"","context":"Em \"0000ff\"","block_context":{"text":"0000ff","link":"https:\/\/blogdoprosperi.com\/?tag=0000ff"},"img":{"alt_text":"","src":"https:\/\/i0.wp.com\/blogdoprosperi.com\/wp-content\/uploads\/2024\/09\/inst_sempatch_site_1500-1.jpg?fit=1200%2C519&ssl=1&resize=350%2C200","width":350,"height":200,"srcset":"https:\/\/i0.wp.com\/blogdoprosperi.com\/wp-content\/uploads\/2024\/09\/inst_sempatch_site_1500-1.jpg?fit=1200%2C519&ssl=1&resize=350%2C200 1x, https:\/\/i0.wp.com\/blogdoprosperi.com\/wp-content\/uploads\/2024\/09\/inst_sempatch_site_1500-1.jpg?fit=1200%2C519&ssl=1&resize=525%2C300 1.5x, https:\/\/i0.wp.com\/blogdoprosperi.com\/wp-content\/uploads\/2024\/09\/inst_sempatch_site_1500-1.jpg?fit=1200%2C519&ssl=1&resize=700%2C400 2x, https:\/\/i0.wp.com\/blogdoprosperi.com\/wp-content\/uploads\/2024\/09\/inst_sempatch_site_1500-1.jpg?fit=1200%2C519&ssl=1&resize=1050%2C600 3x"},"classes":[]},{"id":41884,"url":"https:\/\/blogdoprosperi.com\/?page_id=41884","url_meta":{"origin":1510,"position":4},"title":"contato","author":"Luiz Ant\u00f4nio Pr\u00f3speri","date":"6 de setembro de 2023","format":false,"excerpt":"Vamos conversar \ud83d\udc4b F\u00e1cil: s\u00f3 entrar em contato com os dados abaixo ou enviar uma mensagem no formul\u00e1rio. \u00a0 Entrar em Contato e-mail luiz.prosperi@gmail.com cidade S\u00e3o Paulo, cep 05436020 Brasil (55) 11-996311787 Sua Mensagem","rel":"","context":"Em \"1\"","block_context":{"text":"1","link":"https:\/\/blogdoprosperi.com\/?tag=1"},"img":{"alt_text":"","src":"","width":0,"height":0},"classes":[]},{"id":48204,"url":"https:\/\/blogdoprosperi.com\/?page_id=48204","url_meta":{"origin":1510,"position":5},"title":"TVClubes","author":"Luiz Ant\u00f4nio Pr\u00f3speri","date":"21 de fevereiro de 2025","format":false,"excerpt":"TV CLUBES \u2013 Acompanhe V\u00cdDEOS dos canais oficiais de TV de clubes brasileiros e internacionais: BOTAFOGO APRESENTA T\u00c9CNICO DAVIDE ANCELOTTI \u2013 14 JULHO Botafogo TV \u2013 canal oficial do Botafogo PALMEIRAS APRESENTA REFOR\u00c7O RAMON SOSA \u2013 14 JULHO Palmeiras TV \u2013 canal oficial do Palmeiras ENTREVISTA EXCLUSIVA PRESIDENTE DO FLAMENGO\u2026","rel":"","context":"Em \"#ram\u00f3nsosa\"","block_context":{"text":"#ram\u00f3nsosa","link":"https:\/\/blogdoprosperi.com\/?tag=ramonsosa"},"img":{"alt_text":"","src":"https:\/\/i0.wp.com\/img.youtube.com\/vi\/1uY_pHxQ0rw\/0.jpg?resize=350%2C200","width":350,"height":200},"classes":[]}],"_links":{"self":[{"href":"https:\/\/blogdoprosperi.com\/index.php?rest_route=\/wp\/v2\/pages\/1510","targetHints":{"allow":["GET"]}}],"collection":[{"href":"https:\/\/blogdoprosperi.com\/index.php?rest_route=\/wp\/v2\/pages"}],"about":[{"href":"https:\/\/blogdoprosperi.com\/index.php?rest_route=\/wp\/v2\/types\/page"}],"author":[{"embeddable":true,"href":"https:\/\/blogdoprosperi.com\/index.php?rest_route=\/wp\/v2\/users\/102107496"}],"replies":[{"embeddable":true,"href":"https:\/\/blogdoprosperi.com\/index.php?rest_route=%2Fwp%2Fv2%2Fcomments&post=1510"}],"version-history":[{"count":25,"href":"https:\/\/blogdoprosperi.com\/index.php?rest_route=\/wp\/v2\/pages\/1510\/revisions"}],"predecessor-version":[{"id":61334,"href":"https:\/\/blogdoprosperi.com\/index.php?rest_route=\/wp\/v2\/pages\/1510\/revisions\/61334"}],"wp:attachment":[{"href":"https:\/\/blogdoprosperi.com\/index.php?rest_route=%2Fwp%2Fv2%2Fmedia&parent=1510"}],"curies":[{"name":"wp","href":"https:\/\/api.w.org\/{rel}","templated":true}]}}